{"id":331,"date":"2021-09-08T18:50:56","date_gmt":"2021-09-08T18:50:56","guid":{"rendered":"https:\/\/pueblodelarues.es\/?page_id=3"},"modified":"2024-07-06T14:14:13","modified_gmt":"2024-07-06T14:14:13","slug":"politica-privacidad-2","status":"publish","type":"page","link":"https:\/\/pueblodelarues.es\/index.php\/acerca-de\/politica-privacidad-2\/","title":{"rendered":"Pol\u00edtica de privacidad"},"content":{"rendered":"\n<h2 class=\"wp-block-heading\">Informaci\u00f3n b\u00e1sica sobre protecci\u00f3n de datos<\/h2>\n\n\n\n<p>Nuestro sitio web no recopila datos personales de los visitantes sin su consentimiento. Los \u00fanicos datos personales que se gestionan son:<\/p>\n\n\n\n<ul class=\"wp-block-list\">\n<li>Aquellos que se muestran como contenido visible en el portal y que cuentan con el consentimiento expl\u00edcito para tal fin por parte de los interesados.<\/li>\n\n\n\n<li>Aquellos que el usuario introduce a la hora de registrarse en el sitio web.<\/li>\n<\/ul>\n\n\n\n<figure class=\"wp-block-table\"><table><tbody><tr><td>Responsable<\/td><td>Roberto Clemente Salvador &#8211; 18174418W<\/td><\/tr><tr><td>Finalidad<\/td><td>Visualizaci\u00f3n p\u00fablica de nombres y apellidos ligados a las im\u00e1genes almacenadas y su uso como filtros de b\u00fasqueda.<br>Proceso de registro.<\/td><\/tr><tr><td>Legitimaci\u00f3n<\/td><td>Consentimiento expl\u00edcito del interesado.<\/td><\/tr><tr><td>Destinatarios<\/td><td>Los datos personales se almacenar\u00e1n en los servidores de OVH. El acceso a los datos ser\u00e1:<br>&#8211; Privado para los datos de registro<br>&#8211; Restringido para los datos del \u00c1rea Turca (s\u00f3lo para usuarios registrados)<br>&#8211; P\u00fablico para el resto de secciones<\/td><\/tr><tr><td>Derechos<\/td><td>El usuario tendr\u00e1 derecho de acceso, rectificaci\u00f3n, supresi\u00f3n de los datos, oposici\u00f3n y limitaci\u00f3n del tratamiento, portabilidad de los datos, a no ser objeto de decisiones individuales automatizadas y a presentar una reclamaci\u00f3n ante la Agencia Espa\u00f1ola de Protecci\u00f3n de Datos. (<a href=\"https:\/\/www.aepd.es\/agencia\/en-que-podemos-ayudarte.html\">+info<\/a>)<\/td><\/tr><tr><td>Informaci\u00f3n adicional<\/td><td>Puede consultar m\u00e1s informaci\u00f3n en esta pol\u00edtica de privacidad, en el email&nbsp;<a href=\"mailto:robertoclementesalvador@gmail.com\">robertoclementesalvador@gmail.com<\/a>&nbsp;o en&nbsp;<a href=\"https:\/\/pueblodelarues.es\/album\/www.aepd.com\">www.aepd.com<\/a>.<\/td><\/tr><\/tbody><\/table><\/figure>\n\n\n\n<h2 class=\"wp-block-heading\">Informaci\u00f3n ampliada sobre protecci\u00f3n de datos<\/h2>\n\n\n\n<p><strong>Pueblo de Laru\u00e9s<\/strong>&nbsp;cumple con la normativa de privacidad y de protecci\u00f3n de datos personales vigente en la Uni\u00f3n Europea, particularmente lo referido al Reglamento (UE) 679\/2016, conocido como Reglamento General de Protecci\u00f3n de Datos (RGPD) y la Ley Org\u00e1nica 3\/2018 de Protecci\u00f3n de Datos Personales y garant\u00eda de los derechos digitales (LOPDGDD). De acuerdo con la normativa actual, no se considerar\u00e1 consentimiento v\u00e1lido en el contexto de los servicios de la sociedad de la informaci\u00f3n aquel dado por menores de 14 a\u00f1os en ning\u00fan caso. No se solicitar\u00e1 a los menores informaci\u00f3n sobre la situaci\u00f3n socioecon\u00f3mica de sus padres o tutores, ni ninguna otra informaci\u00f3n personal no imprescindible para la actividad de esta p\u00e1gina. A continuaci\u00f3n se ofrece con detalle la informaci\u00f3n sobre protecci\u00f3n de datos que deben conocer las personas cuyos datos sean tratados en&nbsp;<strong> Pueblo de Laru\u00e9s<\/strong>.<\/p>\n\n\n\n<h2 class=\"wp-block-heading\">Responsable de los datos personales<\/h2>\n\n\n\n<p>Los datos personales almacenados por&nbsp;<strong>Pueblo de Laru\u00e9s<\/strong>&nbsp;son responsabilidad de:<\/p>\n\n\n\n<ul class=\"wp-block-list\">\n<li><strong>Titular<\/strong>: Roberto Clemente Salvador<\/li>\n\n\n\n<li><strong>Email<\/strong>: robertoclementesalvador@gmail.com<\/li>\n<\/ul>\n\n\n\n<h2 class=\"wp-block-heading\">Datos personales que se tratan y finalidad<\/h2>\n\n\n\n<p>Los datos personales que se almacenan en Pueblo de Laru\u00e9s se gestionan seg\u00fan el nivel de privacidad que autorizan sus propietarios. De esta forma, se exponen a continuaci\u00f3n los datos que se almacenan y su finalidad seg\u00fan los niveles de privacidad disponibles.<\/p>\n\n\n\n<h3 class=\"wp-block-heading\">Datos privados<\/h3>\n\n\n\n<p>Los datos que se tratan para estas personas son:<\/p>\n\n\n\n<ul class=\"wp-block-list\">\n<li>Nombre<\/li>\n\n\n\n<li>Apellidos<\/li>\n\n\n\n<li>Email<\/li>\n\n\n\n<li>Contrase\u00f1a<\/li>\n<\/ul>\n\n\n\n<p>Estos datos ser\u00e1n\u00a0privados\u00a0y se mantendr\u00e1n en la web de forma\u00a0indefinida. Estos datos se utilizan para el registro e inicio de sesi\u00f3n por parte del usuario para poder acceder a la totalidad de contenidos de la web. No se almacena la contrase\u00f1a de forma expl\u00edcita.<\/p>\n\n\n\n<p>Todos los datos privados cuentan con la previa autorizaci\u00f3n expl\u00edcita por parte del usuario durante el proceso de registro.<\/p>\n\n\n\n<h3 class=\"wp-block-heading\">Datos restringidos<\/h3>\n\n\n\n<p>Los datos que se tratan para estas personas son:<\/p>\n\n\n\n<ul class=\"wp-block-list\">\n<li>Nombre<\/li>\n\n\n\n<li>Apellidos<\/li>\n\n\n\n<li>Nombre de la casa<\/li>\n\n\n\n<li>Fotograf\u00edas\/v\u00eddeos<\/li>\n<\/ul>\n\n\n\n<p>Estos datos ser\u00e1n\u00a0restringidos\u00a0y se mantendr\u00e1n disponibles en la web de forma\u00a0indefinida. Estos datos se utilizan para visualizar los nombres, apellidos y fotograf\u00edas, con el fin de poder identificar a las personas que en ellas aparecen. Adem\u00e1s podr\u00e1n utilizarse en versiones posteriores de la aplicaci\u00f3n como filtros de b\u00fasqueda. No podr\u00e1n acceder a ellos personas no registradas en la web.<\/p>\n\n\n\n<p>Todos los datos expuestos cuentan con la previa autorizaci\u00f3n de las personas f\u00edsicas que en ellas aparecen. Para agilizar el proceso, a la hora de obtener los datos personales y su consentimiento, se les proporcionar\u00e1 la posibilidad de autorizar la publicaci\u00f3n de otras fotograf\u00edas aportadas por personas de confianza sin su consentimiento, as\u00ed como a vincular sus datos a estas fotograf\u00edas.<\/p>\n\n\n\n<p>Todas las fotograf\u00edas expuestas cuentan con la previa autorizaci\u00f3n del autor, cediendo as\u00ed sus derechos a\u00a0<strong>Pueblo de Laru\u00e9s<\/strong>\u00a0para su publicaci\u00f3n. Cuando las fotograf\u00edas hayan sido cedidas por otra persona distinta al autor original, esta ser\u00e1 responsable de haber obtenido el consentimiento del autor.<\/p>\n\n\n\n<p>El contenido cedido con caracter restringido se mantendr\u00e1 como tal en las secciones restringidas y no se permitir\u00e1 el acceso para cualquier otro uso. Por este motivo, se tratar\u00e1 de dificultar la descarga de este material para evitar que sea distribuido por otros medios, pero no podemos garantizarlo totalmente. Por lo tanto, no nos hacemos responsables del mal uso que otros usuarios registrados puedan hacer de este contenido.<\/p>\n\n\n\n<h3 class=\"wp-block-heading\">Datos p\u00fablicos<\/h3>\n\n\n\n<p>Los datos que se tratan para estas personas son:<\/p>\n\n\n\n<ul class=\"wp-block-list\">\n<li>Nombre<\/li>\n\n\n\n<li>Apellidos<\/li>\n\n\n\n<li>Nombre de la casa<\/li>\n\n\n\n<li>Fotograf\u00edas<\/li>\n<\/ul>\n\n\n\n<p>Estos datos ser\u00e1n&nbsp;p\u00fablicos&nbsp;y se mantendr\u00e1n disponibles en la web de forma&nbsp;indefinida. Estos datos se utilizan para visualizar los nombres, apellidos y fotograf\u00edas, con el fin de poder identificar a las personas que en ellas aparecen. Adem\u00e1s podr\u00e1n utilizarse en versiones posteriores de la aplicaci\u00f3n como filtros de b\u00fasqueda.<\/p>\n\n\n\n<p>Todos los datos expuestos cuentan con la previa autorizaci\u00f3n de las personas f\u00edsicas que en ellas aparecen. Para agilizar el proceso, a la hora de obtener los datos personales y su consentimiento, se les proporcionar\u00e1 la posibilidad de autorizar la publicaci\u00f3n de otras fotograf\u00edas aportadas por personas de confianza sin su consentimiento, as\u00ed como a vincular sus datos a estas fotograf\u00edas.<\/p>\n\n\n\n<p>Todas las fotograf\u00edas expuestas cuentan con la previa autorizaci\u00f3n del autor, cediendo as\u00ed sus derechos a&nbsp;<strong>Pueblo de Laru\u00e9s<\/strong>&nbsp;para su publicaci\u00f3n. Cuando las fotograf\u00edas hayan sido cedidas por otra persona distinta al autor original, esta ser\u00e1 responsable de haber obtenido el consentimiento del autor.<\/p>\n\n\n\n<h2 class=\"wp-block-heading\">Legitimaci\u00f3n para el tratamiento de datos personales<\/h2>\n\n\n\n<p>El tratamiento de sus datos personales por parte de&nbsp;<strong>Pueblo de Laru\u00e9s<\/strong>&nbsp;tiene lugar en base al consentimiento de las personas a las que se ha solicitado directamente.<\/p>\n\n\n\n<p>Los datos personales que son objeto de tratamiento en&nbsp;<strong>Pueblo de Laru\u00e9s<\/strong>&nbsp;han sido obtenidos:<\/p>\n\n\n\n<ul class=\"wp-block-list\">\n<li>Directamente de las personas interesadas, quienes han dado su consentimiento inequ\u00edvocamente. En el caso de las personas menores de 14 a\u00f1os ser\u00e1 necesario el consentimiento de sus padres o tutores.<\/li>\n\n\n\n<li>A trav\u00e9s de un intermediario en calidad de representante, quien a su vez ha obtenido el consentimiento expreso de las personas f\u00edsicas a las que pertenecen los datos personales. En el caso de las personas menores de 14 a\u00f1os ser\u00e1 necesario el consentimiento de sus padres o tutores.<\/li>\n\n\n\n<li>En el caso de personas fallecidas, a trav\u00e9s de un conocido cercano.<\/li>\n\n\n\n<li>En el caso de personas registradas, a trav\u00e9s de un formulario de registro.<\/li>\n<\/ul>\n\n\n\n<h2 class=\"wp-block-heading\">Destinatarios<\/h2>\n\n\n\n<p>Los datos que se tratan en&nbsp;<strong>Pueblo de Laru\u00e9s<\/strong>&nbsp;no son cedidos a terceros ni ning\u00fan otro pa\u00eds.<\/p>\n\n\n\n<h2 class=\"wp-block-heading\">Derechos sobre sus datos personales<\/h2>\n\n\n\n<p>Los interesados tienen derecho a que les sea confirmado si en&nbsp;<strong>Pueblo de Laru\u00e9s<\/strong>&nbsp;se tratan o no sus datos personales. Adem\u00e1s, los interesados tienen derecho a acceder a sus datos personales, solicitar la rectificaci\u00f3n de sus datos inexactos o su supresi\u00f3n cuando proceda. En determinadas circunstancias, los interesados podr\u00e1n solicitar tambi\u00e9n la limitaci\u00f3n del tratamiento de datos personales y la portabilidad de esos datos a otra entidad. En el caso de que se den condiciones especiales en la situaci\u00f3n del interesado, este podr\u00e1 tambi\u00e9n oponerse al tratamiento de datos personales, lo que implicar\u00e1 el cese inmediato en el tratamiento de su informaci\u00f3n personal y la destrucci\u00f3n de esos datos si as\u00ed lo deseara.<\/p>\n\n\n\n<p>Adem\u00e1s, los interesados tienen derecho a presentar una queja ante la autoridad de control, la Agencia Espa\u00f1ola de Protecci\u00f3n de Datos, siempre que consideren que sus derechos en protecci\u00f3n de datos han sido vulnerados. Puede obtener m\u00e1s informaci\u00f3n en&nbsp;<a href=\"https:\/\/www.aepd.es\/\">https:\/\/www.aepd.es\/<\/a><\/p>\n\n\n\n<h2 class=\"wp-block-heading\">Elaboraci\u00f3n de perfiles<\/h2>\n\n\n\n<p>En&nbsp;<strong>Pueblo de Laru\u00e9s<\/strong>&nbsp;no se elaboran perfiles de usuario ni se recogen datos de las personas que acceden a la p\u00e1gina web.<\/p>\n\n\n\n<h2 class=\"wp-block-heading\">Cookies<\/h2>\n\n\n\n<p>Leer <a href=\"https:\/\/pueblodelarues.es\/index.php\/acerca-de\/politica-de-cookies\/\" data-type=\"page\" data-id=\"480\">Pol\u00edtica de cookies<\/a>.<\/p>\n\n\n\n<h2 class=\"wp-block-heading\">Contenido incrustado de otros sitios web<\/h2>\n\n\n\n<p>Los art\u00edculos de este sitio pueden incluir contenido incrustado (por ejemplo, v\u00eddeos, im\u00e1genes, art\u00edculos, etc.). El contenido incrustado de otras webs se comporta exactamente de la misma manera que si el visitante hubiera visitado la otra web.<\/p>\n\n\n\n<p>Estas web pueden recopilar datos sobre ti, utilizar cookies, incrustar un seguimiento adicional de terceros, y supervisar tu interacci\u00f3n con ese contenido incrustado, incluido el seguimiento de tu interacci\u00f3n con el contenido incrustado si tienes una cuenta y est\u00e1s conectado a esa web.<\/p>\n\n\n\n<h2 class=\"wp-block-heading\">Notificaciones<\/h2>\n\n\n\n<p>Este sitio web no emite notificaciones.<\/p>\n\n\n\n<h2 class=\"wp-block-heading\">T\u00e9rminos establecidos por el responsable del tratamiento<\/h2>\n\n\n\n<p>El propietario de&nbsp;<strong>Pueblo de Laru\u00e9s<\/strong>&nbsp;se reserva el derecho de modificar esta Pol\u00edtica de Privacidad para adaptarla a los cambios legislativos futuros que pudieran tener lugar.<\/p>\n\n\n\n<p>Esta Pol\u00edtica de Privacidad est\u00e1 actualizada a fecha: 6 de Julio de 2024.<\/p>\n","protected":false},"excerpt":{"rendered":"<p>Informaci\u00f3n b\u00e1sica sobre protecci\u00f3n de datos Nuestro sitio web no recopila datos personales de los visitantes sin su consentimiento. Los \u00fanicos datos personales que se gestionan son: Responsable Roberto Clemente Salvador &#8211; 18174418W Finalidad Visualizaci\u00f3n p\u00fablica de nombres y apellidos ligados a las im\u00e1genes almacenadas y su uso como filtros de b\u00fasqueda.Proceso de registro. Legitimaci\u00f3n Consentimiento expl\u00edcito del interesado. Destinatarios Los datos personales se almacenar\u00e1n en los servidores de OVH. El acceso a los datos ser\u00e1:&#8211; Privado para los datos&#8230;<\/p>\n<p class=\"read-more\"><a class=\"btn btn-default\" href=\"https:\/\/pueblodelarues.es\/index.php\/acerca-de\/politica-privacidad-2\/\"> Leer m\u00e1s<span class=\"screen-reader-text\">  Leer m\u00e1s<\/span><\/a><\/p>\n","protected":false},"author":1,"featured_media":0,"parent":11,"menu_order":0,"comment_status":"closed","ping_status":"open","template":"","meta":{"footnotes":""},"class_list":["post-331","page","type-page","status-publish","hentry"],"_links":{"self":[{"href":"https:\/\/pueblodelarues.es\/index.php\/wp-json\/wp\/v2\/pages\/331","targetHints":{"allow":["GET"]}}],"collection":[{"href":"https:\/\/pueblodelarues.es\/index.php\/wp-json\/wp\/v2\/pages"}],"about":[{"href":"https:\/\/pueblodelarues.es\/index.php\/wp-json\/wp\/v2\/types\/page"}],"author":[{"embeddable":true,"href":"https:\/\/pueblodelarues.es\/index.php\/wp-json\/wp\/v2\/users\/1"}],"replies":[{"embeddable":true,"href":"https:\/\/pueblodelarues.es\/index.php\/wp-json\/wp\/v2\/comments?post=331"}],"version-history":[{"count":1,"href":"https:\/\/pueblodelarues.es\/index.php\/wp-json\/wp\/v2\/pages\/331\/revisions"}],"predecessor-version":[{"id":1691,"href":"https:\/\/pueblodelarues.es\/index.php\/wp-json\/wp\/v2\/pages\/331\/revisions\/1691"}],"up":[{"embeddable":true,"href":"https:\/\/pueblodelarues.es\/index.php\/wp-json\/wp\/v2\/pages\/11"}],"wp:attachment":[{"href":"https:\/\/pueblodelarues.es\/index.php\/wp-json\/wp\/v2\/media?parent=331"}],"curies":[{"name":"wp","href":"https:\/\/api.w.org\/{rel}","templated":true}]}}